{"id":38696,"date":"2022-01-27T12:09:18","date_gmt":"2022-01-27T11:09:18","guid":{"rendered":"https:\/\/legilius.sk\/?page_id=38696"},"modified":"2022-02-10T09:24:45","modified_gmt":"2022-02-10T08:24:45","slug":"adatvedelmi-iranyelvek","status":"publish","type":"page","link":"https:\/\/legilius.sk\/hu\/adatvedelmi-iranyelvek\/","title":{"rendered":"Adatv\u00e9delmi ir\u00e1nyelvek"},"content":{"rendered":"<p>[et_pb_section fb_built=&#8221;1&#8243; _builder_version=&#8221;4.3.2&#8243; z_index=&#8221;1&#8243; custom_margin=&#8221;||||false|false&#8221; custom_padding=&#8221;28px|0px|61px|0px|false|false&#8221; top_divider_style=&#8221;wave2&#8243; top_divider_color=&#8221;#ffffff&#8221; border_width_top=&#8221;2px&#8221; border_style_top=&#8221;dotted&#8221;][et_pb_row _builder_version=&#8221;4.3.2&#8243; z_index=&#8221;1&#8243; custom_padding=&#8221;27px|0px|0px|0px&#8221;][et_pb_column type=&#8221;4_4&#8243; _builder_version=&#8221;3.25&#8243; custom_padding=&#8221;|||&#8221; custom_padding__hover=&#8221;|||&#8221;][et_pb_text _builder_version=&#8221;4.9.1&#8243; text_font=&#8221;Raleway|300|||||||&#8221; text_text_color=&#8221;#000000&#8243; text_font_size=&#8221;45px&#8221; text_letter_spacing=&#8221;1px&#8221; text_line_height=&#8221;1.4em&#8221; z_index=&#8221;1&#8243; text_orientation=&#8221;center&#8221; custom_margin=&#8221;31px||50px||false|false&#8221; text_font_size_tablet=&#8221;&#8221; text_font_size_phone=&#8221;30px&#8221; text_font_size_last_edited=&#8221;on|phone&#8221;]<\/p>\n<p style=\"text-align: center;\"><span style=\"color: #695853;\">A SZEM\u00c9LYES ADATV\u00c9DELEM<\/span> <span style=\"color: #999999;\">ALAPELVEI<\/span><\/p>\n<p>[\/et_pb_text][et_pb_text _builder_version=&#8221;3.27.4&#8243; text_font=&#8221;Monda||||||||&#8221; text_font_size=&#8221;18px&#8221;]<\/p>\n<p style=\"text-align: center;\"><span style=\"text-decoration: underline;\"><\/span><\/p>\n<p style=\"text-align: center;\">[\/et_pb_text][\/et_pb_column][\/et_pb_row][et_pb_row _builder_version=&#8221;3.25&#8243; custom_margin=&#8221;20px|||&#8221; custom_margin_tablet=&#8221;&#8221; custom_margin_phone=&#8221;0px|||&#8221; custom_margin_last_edited=&#8221;on|desktop&#8221; custom_padding=&#8221;0px|0px|0px|0px&#8221;][et_pb_column type=&#8221;4_4&#8243; _builder_version=&#8221;3.25&#8243; custom_padding=&#8221;|||&#8221; custom_padding__hover=&#8221;|||&#8221;][et_pb_text _builder_version=&#8221;4.9.1&#8243; text_font=&#8221;Roboto|300|||||||&#8221; text_text_color=&#8221;#000000&#8243; text_font_size=&#8221;20px&#8221; text_letter_spacing=&#8221;1px&#8221; text_line_height=&#8221;1.4em&#8221;]<\/p>\n<p style=\"text-align: justify;\"><strong>\u00dcgyfeleink adatv\u00e9delme fontos sz\u00e1munkra. Az al\u00e1bbi elvek arra szolg\u00e1lnak, hogy \u00e1ttekint\u00e9st kapjon arr\u00f3l, hogy mi\u00e9rt, hogyan, milyen adatokat kezel\u00fcnk \u00d6nr\u0151l, \u00e9s milyen jogai vannak.<\/strong><\/p>\n<p>&nbsp;<\/p>\n<p><strong>Az adatkezel\u0151 adatai:<\/strong><\/p>\n<p><span>Dr. Tak\u00e1cs Zsuzsanna, \u00fcgyv\u00e9d<\/span><\/p>\n<p>Sz\u00e9khely: Bratislavsk\u00e1 918 , 929 01 Dunaszerdahely<\/p>\n<p>I\u010cO: 54\u00a0217\u00a0041, DI\u010c: 107\u00a0838 3350<\/p>\n<p>&nbsp;<\/p>\n<p style=\"text-align: justify;\">Ha k\u00e9rd\u00e9se van, forduljon r\u00e1nk telefonon (0902 370 295), e-mailben (info@legilius.sk) vagy lev\u00e9lben a sz\u00e9khely\u00fcnk c\u00edm\u00e9n.<\/p>\n<p>&nbsp;<\/p>\n<p>A jelen szab\u00e1lyzat a k\u00f6vetkez\u0151 hat\u00e1lyos jogszab\u00e1lyok alapj\u00e1n ker\u00fclt kialak\u00edt\u00e1sra:<\/p>\n<ul>\n<li style=\"text-align: justify;\">2016\/679\/EU rendelet (2016. \u00e1prilis 27.) a term\u00e9szetes szem\u00e9lyeknek a szem\u00e9lyes adatok kezel\u00e9se tekintet\u00e9ben t\u00f6rt\u00e9n\u0151 v\u00e9delm\u00e9r\u0151l \u00e9s az ilyen adatok szabad \u00e1raml\u00e1s\u00e1r\u00f3l, valamint a 95\/46\/EK rendelet hat\u00e1lyon k\u00edv\u00fcl helyez\u00e9s\u00e9r\u0151l<\/li>\n<li style=\"text-align: justify;\">(\u201d GDPR\u201d),<\/li>\n<li style=\"text-align: justify;\">18\/2018 sz\u00e1m\u00fa t\u00f6rv\u00e9ny &#8211; a szem\u00e9lyes adatok v\u00e9delm\u00e9r\u0151l \u00e9s ezen bel\u00fcl a r\u00e1nk vonatkoz\u00f3 jogszab\u00e1lyok ,<\/li>\n<li style=\"text-align: justify;\">586\/2003 szam\u00fa t\u00f6rv\u00e9ny <em>az \u00fcgyv\u00e9di tev\u00e9kenys\u00e9gr\u0151l<\/em><\/li>\n<li style=\"text-align: justify;\">297\/2008 sz\u00e1m\u00fa t\u00f6rv\u00e9ny a p\u00e9nzmos\u00e1s \u00e9s a terrorizmus finansz\u00edroz\u00e1sa elleni v\u00e9delemr\u0151l<\/li>\n<li style=\"text-align: justify;\">\u00e9s egy\u00e9b jogszab\u00e1lyzatok.<\/li>\n<\/ul>\n<p style=\"text-align: justify;\">Betartjuk a Szlov\u00e1k \u00dcgyv\u00e9di Kamara (\u201eSAK\u201d) \u00e1ltal elfogadott Magatart\u00e1si K\u00f3dexet, amely r\u00e9szletesebben ismerteti a szem\u00e9lyes adatok \u00fcgyv\u00e9dek \u00e1ltali feldolgoz\u00e1s\u00e1t. A szem\u00e9lyes adatok \u00fcgyv\u00e9di kezel\u00e9s\u00e9nek j\u00f3v\u00e1hagyott magatart\u00e1si k\u00f3dex\u00e9t megtal\u00e1lja a Szem\u00e9lyesAdatv\u00e9delmi Hivatal honlapj\u00e1n a j\u00f3v\u00e1hagyott magatart\u00e1si k\u00f3dexek rovatban. (<a href=\"https:\/\/dataprotection.gov.sk\/uoou\/sk\/content\/schvalene-kodexy-spravania\">https:\/\/dataprotection.gov.sk\/uoou\/sk\/content\/schvalene-kodexy-spravania<\/a>).<\/p>\n<p><strong><\/strong><\/p>\n<p><strong><\/strong><\/p>\n<p><strong>A szem\u00e9lyes adatok kezel\u00e9s\u00e9nek c\u00e9lja \u00e9s jogalapja<\/strong><\/p>\n<p>Szem\u00e9lyes adataira els\u0151sorban az\u00e9rt van sz\u00fcks\u00e9g\u00fcnk, mert:<\/p>\n<ul>\n<li style=\"text-align: justify;\">hogy jogi szolg\u00e1ltat\u00e1st tudjunk ny\u00fajtani \u00d6nnek;<\/li>\n<li style=\"text-align: justify;\">k\u00fcl\u00f6nb\u00f6z\u0151 jogi, jog\u00e1ll\u00e1si \u00e9s szerz\u0151d\u00e9ses k\u00f6telezetts\u00e9gek teljes\u00edt\u00e9s\u00e9re;<\/li>\n<li style=\"text-align: justify;\">a mi, \u00fcgyfeleink \u00e9s m\u00e1sok jogos \u00e9rdekeinek v\u00e9delme \u00e9rdek\u00e9ben;<\/li>\n<li style=\"text-align: justify;\">hogy a j\u00f6v\u0151ben felvehess\u00fck \u00d6nnel a kapcsolatot egy jogi szolg\u00e1ltat\u00e1s aj\u00e1nlat\u00e1val; \u00a0Ha \u00d6n t\u00e1j\u00e9kozott hozz\u00e1j\u00e1rul\u00e1s\u00e1t adott szem\u00e9lyes adatainak t\u00f6rt\u00e9n\u0151 kezel\u00e9s\u00e9hez<\/li>\n<\/ul>\n<p><strong><\/strong><\/p>\n<p><strong><\/strong><\/p>\n<p><strong>Kinek tehetj\u00fck az adatokat hozz\u00e1f\u00e9rhet\u0151v\u00e9 <\/strong><\/p>\n<p style=\"text-align: justify;\">K\u00f6telez benn\u00fcnket a titoktart\u00e1s, \u00e9s ugyanez a k\u00f6telezetts\u00e9g minden olyan szem\u00e9llyt \u00a0k\u00f6telez, aki szem\u00e9lyes adatokkal kapcsolatba ker\u00fcl. Term\u00e9szetes szem\u00e9lyek szem\u00e9lyes adatait csak a sz\u00fcks\u00e9ges m\u00e9rt\u00e9kben \u00e9s mindig bizalmasan tessz\u00fck hozz\u00e1f\u00e9rhet\u0151v\u00e9, pl.:<\/p>\n<ul>\n<li>alkalmazottaknak,<\/li>\n<li>elj\u00e1r\u00f3 vagy egy\u00fcttm\u0171k\u00f6d\u0151 \u00fcgyv\u00e9dnek,<\/li>\n<li>sz\u00e1mviteli \u00e9s ad\u00f3tan\u00e1csad\u00f3inknak,<\/li>\n<li>Szlov\u00e1k \u00dcgyv\u00e9di Kamar\u00e1nak (pl. fegyelmi elj\u00e1r\u00e1s eset\u00e9n), ill<\/li>\n<li>szoftver szolg\u00e1ltat\u00f3nak (cookies).<\/li>\n<\/ul>\n<p>&nbsp;<\/p>\n<p style=\"text-align: justify;\">Nem \u00e1ll sz\u00e1nd\u00e9kunkban szem\u00e9lyes adatait az Eur\u00f3pai Gazdas\u00e1gi T\u00e9rs\u00e9gen k\u00edv\u00fcli harmadik orsz\u00e1gokba tov\u00e1bb\u00edtani.<\/p>\n<p><strong><\/strong><\/p>\n<p><strong>A szem\u00e9lyes adatok kezel\u00e9s\u00e9nek ideje<\/strong><\/p>\n<p style=\"text-align: justify;\">Szem\u00e9lyes adatot csak akkor kezel\u00fcnk, ha meghat\u00e1rozott c\u00e9lb\u00f3l sz\u00fcks\u00e9g\u00fcnk van r\u00e1. Ezt k\u00f6vet\u0151en t\u00e1roljuk \/ archiv\u00e1ljuk \u0151ket. A szem\u00e9lyes adatok t\u00e1rol\u00e1sa sor\u00e1n betartjuk a Szlov\u00e1k \u00dcgyv\u00e9di Kamara Eln\u00f6ks\u00e9g\u00e9nek \u00a029\/11\/2011 sz\u00e1m\u00fa hat\u00e1rozata szerinti aj\u00e1nlott meg\u0151rz\u00e9si id\u0151szakokat.<\/p>\n<p style=\"text-align: justify;\">Ha az \u00fcgyv\u00e9d az \u00fcgyfelek nevlist\u00e1j\u00e1t \u00e9s az \u00fcgyf\u00e9lf\u00e1jliratok list\u00e1j\u00e1t elektronikusan \u0151rzi, a napt\u00e1ri \u00e9v v\u00e9g\u00e9n a napt\u00e1ri \u00e9vre nyomtatott formanyomtatv\u00e1nyt k\u00e9sz\u00edt, \u00e9s azt hat\u00e1rid\u0151 n\u00e9lk\u00fcl az irod\u00e1ban t\u00e1rolja.<\/p>\n<p style=\"text-align: justify;\">Az \u00fcgyf\u00e9lf\u00e1jl list\u00e1k \u00e9s az \u00fcgyf\u00e9lf\u00e1jlnevek list\u00e1ja nem semmis\u00edthet\u0151k meg. Az \u00fcgyf\u00e9lf\u00e1jl megsemmis\u00edt\u00e9sre k\u00e9sz\u00fcl\u00e9si \u00a0ideje 10 \u00e9v, \u00e9s att\u00f3l a napt\u00f3l kezd\u0151dik, amikor az \u00fcgyf\u00e9lf\u00e1jl arch\u00edvumba ker\u00fcl. Az \u00fcgyf\u00e9l \u00fcgyv\u00e9dj\u00e9nek \u00e1tadott eredeti dokumentumok nem lehet megsemmis\u00edteni. Nem lehet megsemmis\u00edteni \u00a0az \u00fcgyf\u00e9liratot vagy annak r\u00e9sz\u00e9t, amelyet az \u00fcgyv\u00e9d k\u00f6teles az \u00e1llami lev\u00e9lt\u00e1rnak \u00e1tadni. Nem lehet az \u00fcgyf\u00e9l irat\u00e1tmegsemmis\u00edteni, ha a b\u00edr\u00f3s\u00e1g, az \u00e1llamigazgat\u00e1si szerv, a b\u00fcntet\u0151elj\u00e1r\u00e1sban tev\u00e9kenyked\u0151 szervek vagy a Szlov\u00e1k \u00dcgyv\u00e9di Kamara el\u0151tt olyan elj\u00e1r\u00e1s folyik, amely az \u00fcgyf\u00e9lirat tartalm\u00e1val kapcsolatos, vagy amely elj\u00e1r\u00e1snak a\u00a0t\u00e1rgya az \u00fcgyv\u00e9d \u00a0cselekm\u00e9nye ill. mulaszt\u00e1sa a jogi seg\u00edts\u00e9gny\u00fajt\u00e1s sor\u00e1n.<\/p>\n<p><strong><br \/>Hogyan gy\u0171jtj\u00fck az \u00d6n szem\u00e9lyes adatait<\/strong><\/p>\n<p style=\"text-align: justify;\">Szem\u00e9lyes adatait leggyakrabban k\u00f6zvetlen\u00fcl \u00d6nt\u0151l mint \u00fcgyfel\u00fcnkt\u0151l szerezz\u00fck meg. Ebben az esetben a szem\u00e9lyes adatok megad\u00e1sa \u00f6nk\u00e9ntes; bizonyos szem\u00e9lyes adatok megad\u00e1s\u00e1nak esetleges megtagad\u00e1sa befoly\u00e1solhatja a ny\u00fajtott jogi szolg\u00e1ltat\u00e1s min\u0151s\u00e9g\u00e9t. Ezenk\u00edv\u00fcl nyilv\u00e1nosan el\u00e9rhet\u0151 forr\u00e1sokb\u00f3l, hat\u00f3s\u00e1gokt\u00f3l vagy m\u00e1s szem\u00e9lyekt\u0151l is beszerezhet\u00fcnk \u00d6nre vonatkoz\u00f3 szem\u00e9lyes adatokat.<br \/>Ha \u00d6n nem az \u00fcgyfel\u00fcnk, szem\u00e9lyes adatait \u00e1ltal\u00e1ban \u00fcgyfeleinkt\u0151l vagy m\u00e1s nyilv\u00e1nos vagy egy\u00e9b jogi forr\u00e1sokb\u00f3l szerezz\u00fck meg. Ilyen esetben el\u0151zetes t\u00e1j\u00e9koztat\u00e1s n\u00e9lk\u00fcl valamint az \u00d6n akarata ellen\u00e9re is, kezelhess\u00fck az \u00d6n szem\u00e9lyes adatait a szakm\u00e1nk gyakorl\u00e1s\u00e1ra vonatkoz\u00f3 jogszab\u00e1lyi felhatalmaz\u00e1sunk \u00e9s k\u00f6telezetts\u00e9g\u00fcnk szerint .<\/p>\n<p style=\"text-align: justify;\">\n<p><strong>Az \u00e9rintett szem\u00e9ly jogai<\/strong><\/p>\n<p style=\"text-align: justify;\">Ha az \u00d6n szem\u00e9lyes adatainak kezel\u00e9s\u00e9hez adott hozz\u00e1j\u00e1rul\u00e1sa alapj\u00e1n kezelj\u00fck szem\u00e9lyes adatait, \u00d6n b\u00e1rmikor jogosult a hozz\u00e1j\u00e1rul\u00e1s\u00e1t visszavonni. A hozz\u00e1j\u00e1rul\u00e1s visszavon\u00e1sa nem \u00e9rinti a visszavon\u00e1s el\u0151tti hozz\u00e1j\u00e1rul\u00e1sb\u00f3l ered\u0151 adatkezel\u00e9s jogszer\u0171s\u00e9g\u00e9t. Mindazon\u00e1ltal \u00d6nnek jog\u00e1ban \u00e1ll b\u00e1rmikor tiltakozni a szem\u00e9lyes adatok kezel\u00e9se ellen.<\/p>\n<p style=\"text-align: justify;\">\u00dcgyf\u00e9lk\u00e9nt jogosult hozz\u00e1f\u00e9r\u00e9st k\u00e9rni a szem\u00e9lyes adataihoz, valamint k\u00e9rni azok helyesb\u00edt\u00e9s\u00e9t. Ha a jogi szolg\u00e1ltat\u00e1s ny\u00fajt\u00e1sa sor\u00e1n szem\u00e9lyes adatokat kezel\u00fcnk, \u00d6n mint \u00fcgyf\u00e9l vagy m\u00e1s term\u00e9szetes szem\u00e9ly nem jogosult tiltakozni az ilyen adatkezel\u00e9s ellen.<\/p>\n<p style=\"text-align: justify;\">\u00d6nnek b\u00e1rmikor joga van panaszt tenni a Szem\u00e9lyes Adatv\u00e9delmi Hivataln\u00e1l vagy a Szlov\u00e1k \u00dcgyv\u00e9di Kamar\u00e1n\u00e1l.<\/p>\n<p>&nbsp;<\/p>\n<p><strong>Cookie-feldolgoz\u00e1sa<\/strong><\/p>\n<p style=\"text-align: justify;\">Ha megjegyz\u00e9st tesz a weboldalunkon, beleegyezhet a nev\u00e9nek, e-mail c\u00edm\u00e9nek \u00e9s webhely\u00e9nek cookie-kban val\u00f3 t\u00e1rol\u00e1s\u00e1ra. Ez az \u00d6n k\u00e9nyelm\u00e9t szolg\u00e1lja, hogy ne kelljen \u00fajra kit\u00f6ltenie adatait \u00fajabb megjegyz\u00e9sek hozz\u00e1ad\u00e1sakor. Ezek a cookies-ok egy \u00e9vig \u00e9rv\u00e9nyesek. A cookie-k kism\u00e9ret\u0171 sz\u00f6veges f\u00e1jlok, amelyek jav\u00edtj\u00e1k a weboldal haszn\u00e1lat\u00e1t, pl. az\u00e1ltal, hogy a felhaszn\u00e1l\u00f3i k\u00f6rnyezetbe val\u00f3 bel\u00e9p\u00e9sekor lehet\u0151v\u00e9 teszik a kor\u00e1bbi l\u00e1togat\u00f3k azonos\u00edt\u00e1s\u00e1t, \u00faj ablak megnyit\u00e1sakor a l\u00e1togat\u00f3 v\u00e1laszt\u00e1s\u00e1t, a weboldal forgalm\u00e1nak m\u00e9r\u00e9s\u00e9t, vagy annak felhaszn\u00e1l\u00e1s\u00e1t a felhaszn\u00e1l\u00f3i \u00e9lm\u00e9ny jav\u00edt\u00e1s\u00e1ra. Weboldalunk cookie-kat haszn\u00e1l a weboldal helyes megjelen\u00edt\u00e9se \u00e9s a felhasznal\u00e1ta nyomon k\u00f6vet\u00e9se \u00e9rdek\u00e9ben. A felhaszn\u00e1lt cookie-k nem dolgoznak fel semmilyen szem\u00e9lyes adatokat, bele\u00e9rtve az IP-c\u00edmet, a f\u00f6ldrajzi elhelyezked\u00e9st vagy a b\u00f6ng\u00e9szett tartalom el\u0151zm\u00e9nyeit.<\/p>\n<p style=\"text-align: justify;\">A webb\u00f6ng\u00e9sz\u0151 be\u00e1ll\u00edt\u00e1s\u00e1val b\u00e1rmikor megakad\u00e1lyozhatja, hogy ezek a f\u00e1jlok ment\u00e9sre ker\u00fcljenek eszk\u00f6z\u00e9re. A b\u00f6ng\u00e9sz\u0151 be\u00e1ll\u00edt\u00e1sa az \u00d6n beleegyez\u00e9s\u00e9nek min\u0151s\u00fcl a cookie-k haszn\u00e1lat\u00e1hoz a weboldalunkon.<\/p>\n<p>[\/et_pb_text][\/et_pb_column][\/et_pb_row][\/et_pb_section]<\/p>\n","protected":false},"excerpt":{"rendered":"<p>A SZEM\u00c9LYES ADATV\u00c9DELEM ALAPELVEI \u00dcgyfeleink adatv\u00e9delme fontos sz\u00e1munkra. Az al\u00e1bbi elvek arra szolg\u00e1lnak, hogy \u00e1ttekint\u00e9st kapjon arr\u00f3l, hogy mi\u00e9rt, hogyan, milyen adatokat kezel\u00fcnk \u00d6nr\u0151l, \u00e9s milyen jogai vannak. &nbsp; Az adatkezel\u0151 adatai: Dr. Tak\u00e1cs Zsuzsanna, \u00fcgyv\u00e9d Sz\u00e9khely: Bratislavsk\u00e1 918 , 929 01 Dunaszerdahely I\u010cO: 54\u00a0217\u00a0041, DI\u010c: 107\u00a0838 3350 &nbsp; Ha k\u00e9rd\u00e9se van, forduljon r\u00e1nk telefonon [&hellip;]<\/p>\n","protected":false},"author":1,"featured_media":0,"parent":0,"menu_order":0,"comment_status":"closed","ping_status":"open","template":"","meta":{"_et_pb_use_builder":"on","_et_pb_old_content":"<h2>Kto sme<\/h2>\r\nAdresa na\u0161ej webovej str\u00e1nky je: https:\/\/legilius.sk.\r\n<h2>Ak\u00e9 osobn\u00e9 \u00fadaje z\u00edskavame a pre\u010do ich zbierame<\/h2>\r\n<h3>Koment\u00e1re<\/h3>\r\nKe\u010f n\u00e1v\u0161tevn\u00edci webu zanechavaj\u00fa na str\u00e1nke koment\u00e1re, zbierame \u00fadaje, ktor\u00e9 s\u00fa zobrazen\u00e9 vo formul\u00e1ri koment\u00e1ra a taktie\u017e IP adresu pou\u017e\u00edvate\u013eov a user-agent prehliada\u010da z d\u00f4vodu ochrany proti spamu.\r\n\r\nAnonymizovan\u00fd re\u0165azec vytvoren\u00fd z va\u0161ej e-mailovej adresy (naz\u00fdvan\u00fd aj hash) m\u00f4\u017ee by\u0165 poskytnut\u00fd slu\u017ebe Gravatar pre overenie, \u010di ju pou\u017e\u00edvate. Z\u00e1sady ochrany osobn\u00fdch \u00fadajov slu\u017eby Gravatar n\u00e1jdete na: https:\/\/automattic.com\/privacy\/. Po schv\u00e1len\u00ed v\u00e1\u0161ho koment\u00e1ra bude va\u0161a profilov\u00e1 fotografia verejne zobrazen\u00e1 spolu s obsahom v\u00e1\u0161ho koment\u00e1ra.\r\n<h3>Multim\u00e9di\u00e1<\/h3>\r\nPri nahr\u00e1van\u00ed obr\u00e1zkov na webov\u00fa str\u00e1nku by ste sa mali vyhn\u00fa\u0165 nahr\u00e1vaniu obr\u00e1zkov s EXIF GPS \u00fadajmi o polohe. N\u00e1v\u0161tevn\u00edci webu m\u00f4\u017eu stiahnu\u0165 a zobrazi\u0165 ak\u00e9ko\u013evek \u00fadaje o polohe z obr\u00e1zkov.\r\n<h3>Kontaktn\u00e9 formul\u00e1re<\/h3>\r\n<h3>S\u00fabory cookies<\/h3>\r\nAk prid\u00e1te koment\u00e1r na na\u0161ej str\u00e1nke, m\u00f4\u017eete s\u00fahlasi\u0165 s ulo\u017een\u00edm v\u00e1\u0161ho mena, e-mailovej adresy a webovej str\u00e1nky do s\u00faborov cookies. Je to pre va\u0161e pohodlie, aby ste nemuseli op\u00e4tovne vyp\u013a\u0148a\u0165 va\u0161e \u00fadaje znovu pri prid\u00e1van\u00ed \u010fal\u0161ieho koment\u00e1ra. Tieto s\u00fabory cookies s\u00fa platn\u00e9 jeden rok.\r\n\r\nAk m\u00e1te na na\u0161ej webovej str\u00e1nke \u00fa\u010det a prihl\u00e1site sa, ulo\u017e\u00edme do\u010dasn\u00e9 s\u00fabory cookies na ur\u010denie toho, \u010di v\u00e1\u0161 prehliada\u010d akceptuje s\u00fabory cookies. Tieto s\u00fabory cookies neobsahuj\u00fa \u017eiadne osobn\u00e9 \u00fadaje a s\u00fa zru\u0161en\u00e9 pri zatvoren\u00ed prehliada\u010da.\r\n\r\nPri prihl\u00e1sen\u00ed nastav\u00edme nieko\u013eko s\u00faborov cookies, aby sme ulo\u017eili va\u0161e prihlasovacie \u00fadaje a nastavenia zobrazenia. Prihlasovacie cookies s\u00fa platn\u00e9 dva dni a nastavenia zobrazenia jeden rok. Ak zvol\u00edte mo\u017enos\u0165 \"zapam\u00e4ta\u0165\", va\u0161e prihl\u00e1senie bude platn\u00e9 dva t\u00fd\u017edne. Pri odhl\u00e1sen\u00ed sa z v\u00e1\u0161ho \u00fa\u010dtu s\u00fa s\u00fabory cookies odstr\u00e1nen\u00e9.\r\n\r\nPri \u00faprave alebo publikovan\u00ed \u010dl\u00e1nku bud\u00fa vo va\u0161om prehliada\u010di ulo\u017een\u00e9 dodato\u010dn\u00e9 s\u00fabory cookies. Tieto s\u00fabory cookies neobsahuj\u00fa \u017eiadne osobn\u00e9 \u00fadaje a odkazuj\u00fa iba na ID \u010dl\u00e1nku, ktor\u00fd ste upravovali. S\u00fabory s\u00fa platn\u00e9 1 de\u0148.\r\n<h3>Vlo\u017een\u00fd obsah z in\u00fdch webov\u00fdch str\u00e1nok<\/h3>\r\n\u010cl\u00e1nky na tejto webovej str\u00e1nke m\u00f4\u017eu obsahova\u0165 vlo\u017een\u00fd obsah (napr. vide\u00e1, obr\u00e1zky, \u010dl\u00e1nky a podobne). Vlo\u017een\u00fd obsah z in\u00fdch str\u00e1nok sa chov\u00e1 rovnako, akoby n\u00e1v\u0161tevn\u00edk nav\u0161t\u00edvil in\u00fa webov\u00fa str\u00e1nku.\r\n\r\nTieto webov\u00e9 str\u00e1nky m\u00f4\u017eu o v\u00e1s zbiera\u0165 osobn\u00e9 \u00fadaje, pou\u017e\u00edva\u0165 s\u00fabory cookies, vklada\u0165 tre\u0165o-strann\u00e9 sledovanie a monitorova\u0165 va\u0161u interakciu s vlo\u017een\u00fdm obsahom, v\u010detne sledovania va\u0161ej interakcie s vlo\u017een\u00fdm obsahom, ak na danej webovej str\u00e1nke m\u00e1te \u00fa\u010det a ste prihl\u00e1sen\u00fd.\r\n<h3>Analytika<\/h3>\r\n<h2>S k\u00fdm zdie\u013eame va\u0161e \u00fadaje<\/h2>\r\n<h2>Ako dlho uchov\u00e1vame va\u0161e \u00fadaje<\/h2>\r\nPri prid\u00e1van\u00ed koment\u00e1ra, koment\u00e1r a jeho meta\u00fadaje s\u00fa uchov\u00e1van\u00e9 oddelene. V\u010faka tomu vieme automaticky rozpozna\u0165 a schv\u00e1li\u0165 ak\u00e9ko\u013evek s\u00favisiace koment\u00e1re bez toho, aby museli by\u0165 podr\u017ean\u00e9 na moder\u00e1ciu.\r\n\r\nPre pou\u017e\u00edvate\u013eov, ktor\u00ed sa zaregistruj\u00fa na na\u0161ich webov\u00fdch str\u00e1nkach (ak tak\u00ed existuj\u00fa), uklad\u00e1me aj osobn\u00e9 \u00fadaje, ktor\u00e9 poskytuj\u00fa, do ich u\u017e\u00edvate\u013esk\u00e9ho profilu. V\u0161etci pou\u017e\u00edvatelia m\u00f4\u017eu kedyko\u013evek zobrazi\u0165, upravi\u0165 alebo odstr\u00e1ni\u0165 svoje osobn\u00e9 \u00fadaje (okrem zmeny pou\u017e\u00edvate\u013esk\u00e9ho). Spr\u00e1vcovia webov\u00fdch str\u00e1nok tie\u017e m\u00f4\u017eu zobrazi\u0165 a upravi\u0165 tieto inform\u00e1cie.\r\n<h2>Ak\u00e9 pr\u00e1va m\u00e1te nad svojimi \u00fadajmi<\/h2>\r\nAk na tejto webovej str\u00e1nke m\u00e1te \u00fa\u010det, alebo ste tu pridali koment\u00e1r, m\u00f4\u017eete po\u017eiada\u0165 o export va\u0161ich osobn\u00fdch \u00fadajov, ktor\u00e9 o v\u00e1s uklad\u00e1me, v\u010detne \u00fadajov, ktor\u00e9 ste n\u00e1m poskytli. M\u00f4\u017eete tak isto po\u017eiada\u0165 o vymazanie osobn\u00fdch \u00fadajov. To sa ale net\u00fdka \u00fadajov, ktor\u00e9 o v\u00e1s mus\u00edme uchov\u00e1va\u0165 z administrat\u00edvnych, pr\u00e1vnych alebo bezpe\u010dnostn\u00fdch d\u00f4vodov.\r\n<h2>Kam posielame va\u0161e \u00fadaje<\/h2>\r\nKoment\u00e1re n\u00e1v\u0161tevn\u00edkov m\u00f4\u017eu by\u0165 kontrolovan\u00e9 prostredn\u00edctvom automatizovanej slu\u017eby na detekciu spamu.\r\n<h2>Va\u0161e kontaktn\u00e9 inform\u00e1cie<\/h2>\r\n<h2>Dodato\u010dn\u00e9 inform\u00e1cie<\/h2>\r\n<h3>Ako chr\u00e1nime va\u0161e \u00fadaje<\/h3>\r\n<h3>Ak\u00e9 m\u00e1me procesy pri \u00faniku d\u00e1t<\/h3>\r\n<h3>Z ak\u00fdch tret\u00edch str\u00e1n z\u00edskavame \u00fadaje<\/h3>\r\n<h3>Ak\u00e9 automatizovan\u00e9 rozhodovanie (spracovanie) a\/alebo profilovanie rob\u00edme s \u00fadajmi pou\u017e\u00edvate\u013ea.<\/h3>\r\n<h3>Po\u017eiadavky na zverej\u0148ovanie pr\u00e1vnych predpisov v regulovanom odvetv\u00ed<\/h3>","_et_gb_content_width":"","footnotes":""},"class_list":["post-38696","page","type-page","status-publish","hentry"],"yoast_head":"<!-- This site is optimized with the Yoast SEO plugin v27.0 - https:\/\/yoast.com\/product\/yoast-seo-wordpress\/ -->\n<title>LEGILIUS \u2013 Dr. Tak\u00e1cs Zsuzsanna, \u00fcgyv\u00e9d | Adatv\u00e9delem<\/title>\n<meta name=\"description\" content=\"LEGILIUS - Adatv\u00e9delem. T\u00f6r\u0151d\u00fcnk az \u00d6n biztons\u00e1g\u00e1val. Ez\u00e9rt gondosan \u00fcgyel\u00fcnk szem\u00e9lyes adataira. Nem adjuk \u00e1t \u0151ket harmadik f\u00e9lnek.\" \/>\n<meta name=\"robots\" content=\"index, follow, max-snippet:-1, max-image-preview:large, max-video-preview:-1\" \/>\n<link rel=\"canonical\" href=\"https:\/\/legilius.sk\/hu\/adatvedelmi-iranyelvek\/\" \/>\n<meta property=\"og:locale\" content=\"hu_HU\" \/>\n<meta property=\"og:type\" content=\"article\" \/>\n<meta property=\"og:title\" content=\"LEGILIUS \u2013 Dr. Tak\u00e1cs Zsuzsanna, \u00fcgyv\u00e9d | Adatv\u00e9delem\" \/>\n<meta property=\"og:description\" content=\"LEGILIUS - Adatv\u00e9delem. T\u00f6r\u0151d\u00fcnk az \u00d6n biztons\u00e1g\u00e1val. Ez\u00e9rt gondosan \u00fcgyel\u00fcnk szem\u00e9lyes adataira. Nem adjuk \u00e1t \u0151ket harmadik f\u00e9lnek.\" \/>\n<meta property=\"og:url\" content=\"https:\/\/legilius.sk\/hu\/adatvedelmi-iranyelvek\/\" \/>\n<meta property=\"og:site_name\" content=\"JUDr. Zuzana Tak\u00e1csov\u00e1, Advok\u00e1tka\" \/>\n<meta property=\"article:modified_time\" content=\"2022-02-10T08:24:45+00:00\" \/>\n<meta name=\"twitter:label1\" content=\"Becs\u00fclt olvas\u00e1si id\u0151\" \/>\n\t<meta name=\"twitter:data1\" content=\"8 perc\" \/>\n<script type=\"application\/ld+json\" class=\"yoast-schema-graph\">{\"@context\":\"https:\/\/schema.org\",\"@graph\":[{\"@type\":\"WebPage\",\"@id\":\"https:\/\/legilius.sk\/hu\/adatvedelmi-iranyelvek\/\",\"url\":\"https:\/\/legilius.sk\/hu\/adatvedelmi-iranyelvek\/\",\"name\":\"LEGILIUS \u2013 Dr. Tak\u00e1cs Zsuzsanna, \u00fcgyv\u00e9d | Adatv\u00e9delem\",\"isPartOf\":{\"@id\":\"https:\/\/legilius.sk\/#website\"},\"datePublished\":\"2022-01-27T11:09:18+00:00\",\"dateModified\":\"2022-02-10T08:24:45+00:00\",\"description\":\"LEGILIUS - Adatv\u00e9delem. T\u00f6r\u0151d\u00fcnk az \u00d6n biztons\u00e1g\u00e1val. Ez\u00e9rt gondosan \u00fcgyel\u00fcnk szem\u00e9lyes adataira. Nem adjuk \u00e1t \u0151ket harmadik f\u00e9lnek.\",\"breadcrumb\":{\"@id\":\"https:\/\/legilius.sk\/hu\/adatvedelmi-iranyelvek\/#breadcrumb\"},\"inLanguage\":\"hu\",\"potentialAction\":[{\"@type\":\"ReadAction\",\"target\":[\"https:\/\/legilius.sk\/hu\/adatvedelmi-iranyelvek\/\"]}]},{\"@type\":\"BreadcrumbList\",\"@id\":\"https:\/\/legilius.sk\/hu\/adatvedelmi-iranyelvek\/#breadcrumb\",\"itemListElement\":[{\"@type\":\"ListItem\",\"position\":1,\"name\":\"Home\",\"item\":\"https:\/\/legilius.sk\/hu\/\"},{\"@type\":\"ListItem\",\"position\":2,\"name\":\"Adatv\u00e9delmi ir\u00e1nyelvek\"}]},{\"@type\":\"WebSite\",\"@id\":\"https:\/\/legilius.sk\/#website\",\"url\":\"https:\/\/legilius.sk\/\",\"name\":\"JUDr. Zuzana Tak\u00e1csov\u00e1, Advok\u00e1tka\",\"description\":\"\",\"publisher\":{\"@id\":\"https:\/\/legilius.sk\/#organization\"},\"potentialAction\":[{\"@type\":\"SearchAction\",\"target\":{\"@type\":\"EntryPoint\",\"urlTemplate\":\"https:\/\/legilius.sk\/?s={search_term_string}\"},\"query-input\":{\"@type\":\"PropertyValueSpecification\",\"valueRequired\":true,\"valueName\":\"search_term_string\"}}],\"inLanguage\":\"hu\"},{\"@type\":\"Organization\",\"@id\":\"https:\/\/legilius.sk\/#organization\",\"name\":\"LEGILIUS\",\"url\":\"https:\/\/legilius.sk\/\",\"logo\":{\"@type\":\"ImageObject\",\"inLanguage\":\"hu\",\"@id\":\"https:\/\/legilius.sk\/#\/schema\/logo\/image\/\",\"url\":\"https:\/\/legilius.sk\/wp-content\/uploads\/2021\/12\/legilius-logo-final.png\",\"contentUrl\":\"https:\/\/legilius.sk\/wp-content\/uploads\/2021\/12\/legilius-logo-final.png\",\"width\":250,\"height\":77,\"caption\":\"LEGILIUS\"},\"image\":{\"@id\":\"https:\/\/legilius.sk\/#\/schema\/logo\/image\/\"}}]}<\/script>\n<!-- \/ Yoast SEO plugin. -->","yoast_head_json":{"title":"LEGILIUS \u2013 Dr. Tak\u00e1cs Zsuzsanna, \u00fcgyv\u00e9d | Adatv\u00e9delem","description":"LEGILIUS - Adatv\u00e9delem. T\u00f6r\u0151d\u00fcnk az \u00d6n biztons\u00e1g\u00e1val. Ez\u00e9rt gondosan \u00fcgyel\u00fcnk szem\u00e9lyes adataira. Nem adjuk \u00e1t \u0151ket harmadik f\u00e9lnek.","robots":{"index":"index","follow":"follow","max-snippet":"max-snippet:-1","max-image-preview":"max-image-preview:large","max-video-preview":"max-video-preview:-1"},"canonical":"https:\/\/legilius.sk\/hu\/adatvedelmi-iranyelvek\/","og_locale":"hu_HU","og_type":"article","og_title":"LEGILIUS \u2013 Dr. Tak\u00e1cs Zsuzsanna, \u00fcgyv\u00e9d | Adatv\u00e9delem","og_description":"LEGILIUS - Adatv\u00e9delem. T\u00f6r\u0151d\u00fcnk az \u00d6n biztons\u00e1g\u00e1val. Ez\u00e9rt gondosan \u00fcgyel\u00fcnk szem\u00e9lyes adataira. Nem adjuk \u00e1t \u0151ket harmadik f\u00e9lnek.","og_url":"https:\/\/legilius.sk\/hu\/adatvedelmi-iranyelvek\/","og_site_name":"JUDr. Zuzana Tak\u00e1csov\u00e1, Advok\u00e1tka","article_modified_time":"2022-02-10T08:24:45+00:00","twitter_misc":{"Becs\u00fclt olvas\u00e1si id\u0151":"8 perc"},"schema":{"@context":"https:\/\/schema.org","@graph":[{"@type":"WebPage","@id":"https:\/\/legilius.sk\/hu\/adatvedelmi-iranyelvek\/","url":"https:\/\/legilius.sk\/hu\/adatvedelmi-iranyelvek\/","name":"LEGILIUS \u2013 Dr. Tak\u00e1cs Zsuzsanna, \u00fcgyv\u00e9d | Adatv\u00e9delem","isPartOf":{"@id":"https:\/\/legilius.sk\/#website"},"datePublished":"2022-01-27T11:09:18+00:00","dateModified":"2022-02-10T08:24:45+00:00","description":"LEGILIUS - Adatv\u00e9delem. T\u00f6r\u0151d\u00fcnk az \u00d6n biztons\u00e1g\u00e1val. Ez\u00e9rt gondosan \u00fcgyel\u00fcnk szem\u00e9lyes adataira. Nem adjuk \u00e1t \u0151ket harmadik f\u00e9lnek.","breadcrumb":{"@id":"https:\/\/legilius.sk\/hu\/adatvedelmi-iranyelvek\/#breadcrumb"},"inLanguage":"hu","potentialAction":[{"@type":"ReadAction","target":["https:\/\/legilius.sk\/hu\/adatvedelmi-iranyelvek\/"]}]},{"@type":"BreadcrumbList","@id":"https:\/\/legilius.sk\/hu\/adatvedelmi-iranyelvek\/#breadcrumb","itemListElement":[{"@type":"ListItem","position":1,"name":"Home","item":"https:\/\/legilius.sk\/hu\/"},{"@type":"ListItem","position":2,"name":"Adatv\u00e9delmi ir\u00e1nyelvek"}]},{"@type":"WebSite","@id":"https:\/\/legilius.sk\/#website","url":"https:\/\/legilius.sk\/","name":"JUDr. Zuzana Tak\u00e1csov\u00e1, Advok\u00e1tka","description":"","publisher":{"@id":"https:\/\/legilius.sk\/#organization"},"potentialAction":[{"@type":"SearchAction","target":{"@type":"EntryPoint","urlTemplate":"https:\/\/legilius.sk\/?s={search_term_string}"},"query-input":{"@type":"PropertyValueSpecification","valueRequired":true,"valueName":"search_term_string"}}],"inLanguage":"hu"},{"@type":"Organization","@id":"https:\/\/legilius.sk\/#organization","name":"LEGILIUS","url":"https:\/\/legilius.sk\/","logo":{"@type":"ImageObject","inLanguage":"hu","@id":"https:\/\/legilius.sk\/#\/schema\/logo\/image\/","url":"https:\/\/legilius.sk\/wp-content\/uploads\/2021\/12\/legilius-logo-final.png","contentUrl":"https:\/\/legilius.sk\/wp-content\/uploads\/2021\/12\/legilius-logo-final.png","width":250,"height":77,"caption":"LEGILIUS"},"image":{"@id":"https:\/\/legilius.sk\/#\/schema\/logo\/image\/"}}]}},"_links":{"self":[{"href":"https:\/\/legilius.sk\/hu\/wp-json\/wp\/v2\/pages\/38696","targetHints":{"allow":["GET"]}}],"collection":[{"href":"https:\/\/legilius.sk\/hu\/wp-json\/wp\/v2\/pages"}],"about":[{"href":"https:\/\/legilius.sk\/hu\/wp-json\/wp\/v2\/types\/page"}],"author":[{"embeddable":true,"href":"https:\/\/legilius.sk\/hu\/wp-json\/wp\/v2\/users\/1"}],"replies":[{"embeddable":true,"href":"https:\/\/legilius.sk\/hu\/wp-json\/wp\/v2\/comments?post=38696"}],"version-history":[{"count":7,"href":"https:\/\/legilius.sk\/hu\/wp-json\/wp\/v2\/pages\/38696\/revisions"}],"predecessor-version":[{"id":38918,"href":"https:\/\/legilius.sk\/hu\/wp-json\/wp\/v2\/pages\/38696\/revisions\/38918"}],"wp:attachment":[{"href":"https:\/\/legilius.sk\/hu\/wp-json\/wp\/v2\/media?parent=38696"}],"curies":[{"name":"wp","href":"https:\/\/api.w.org\/{rel}","templated":true}]}}